{"id":3,"date":"2024-08-16T11:02:05","date_gmt":"2024-08-16T14:02:05","guid":{"rendered":"https:\/\/www.naturafrig.com.br\/?page_id=3"},"modified":"2025-11-18T17:23:35","modified_gmt":"2025-11-18T20:23:35","slug":"politica-de-privacidade","status":"publish","type":"page","link":"https:\/\/www.naturafrig.com.br\/es\/politica-de-privacidade\/","title":{"rendered":"Pol\u00edtica de privacidad"},"content":{"rendered":"<p><\/p>\r\n<h4 class=\"wp-block-heading\">Pol\u00edtica de privacidad de Naturafrig<\/h4>\r\n<p class=\"s5\">Naturafrig, con total transparencia y respeto a sus empleados, proveedores, socios, transportistas, prestadores de servicios y clientes, presenta\u00a0<span class=\"s4\">Pol\u00edtica de privacidad<\/span>\u00a0para informar sobre c\u00f3mo trata los datos personales recogidos en el curso de sus actividades, de conformidad con la\u00a0<span class=\"s4\">Ley General de Protecci\u00f3n de Datos Personales (Ley N\u00ba 13.709\/2018 - LGPD)<\/span>\u00a0y dem\u00e1s legislaci\u00f3n aplicable a la industria c\u00e1rnica.<\/p>\r\n<h4 class=\"s8 fw-bold my-3 font-weight-bold\"><a name=\"_m727w041cr3t\"><\/a><span class=\"s7\">1. Objetivo<\/span><\/h4>\r\n<p class=\"s5\">El objetivo de esta Pol\u00edtica es aclarar c\u00f3mo Naturafrig recopila, utiliza, almacena, comparte y protege los datos personales, garantizando la transparencia, la seguridad y el ejercicio de los derechos de los titulares de los datos.<\/p>\r\n<h4 class=\"s8 fw-bold my-3 font-weight-bold\"><a name=\"_gtw9iwjn2wvp\"><\/a><span class=\"s7\">2. Alcance<\/span><\/h4>\r\n<p class=\"s5\">Se aplica a todos los datos personales tratados por Naturafrig, incluidos los empleados, solicitantes de empleo, proveedores, prestadores de servicios, transportistas, socios comerciales, visitantes, clientes y otras personas con las que la empresa mantiene una relaci\u00f3n.<\/p>\r\n<h4 class=\"s8 fw-bold my-3 font-weight-bold\"><a name=\"_v31wpjmhi66s\"><\/a><span class=\"s7\">3. Definiciones<\/span><\/h4>\r\n<p class=\"s5\">A efectos de la presente Pol\u00edtica, se adoptan las siguientes definiciones:<\/p>\r\n<div class=\"s10\"><span class=\"s9\">1.\u00a0<\/span><span class=\"s4\">Titular de los datos<\/span>\u00a0\u2013 Persona f\u00edsica a la que se refieren los datos personales tratados por Naturafrig.<\/div>\r\n<div class=\"s11\"><span class=\"s9\">2.\u00a0<\/span><span class=\"s4\">Terceros<\/span>\u00a0- Partes externas que interact\u00faan con Naturafrig, incluidos proveedores, prestadores de servicios, transportistas, clientes, socios comerciales y otros que tienen acceso a datos personales.<\/div>\r\n<div class=\"s11\"><span class=\"s9\">3.\u00a0<\/span><span class=\"s4\">Datos Personales<\/span>\u00a0- Cualquier informaci\u00f3n relativa a una persona f\u00edsica identificada o identificable, como nombre, n\u00famero de identificaci\u00f3n fiscal, documento de identidad, direcci\u00f3n, n\u00famero de tel\u00e9fono, correo electr\u00f3nico, datos bancarios, entre otros.<\/div>\r\n<div class=\"s11\"><span class=\"s9\">4.\u00a0<\/span><span class=\"s4\">Datos Personales Sensibles<\/span>\u00a0- Informaci\u00f3n sobre origen racial o \u00e9tnico, creencias religiosas, opiniones pol\u00edticas, afiliaci\u00f3n sindical, datos de salud, vida sexual, datos gen\u00e9ticos o biom\u00e9tricos.<\/div>\r\n<div class=\"s11\"><span class=\"s9\">5.\u00a0<\/span><span class=\"s4\">Tratamiento de datos<\/span>\u00a0- Cualquier operaci\u00f3n realizada con datos personales, como la recogida, producci\u00f3n, recepci\u00f3n, clasificaci\u00f3n, utilizaci\u00f3n, acceso, reproducci\u00f3n, transmisi\u00f3n, distribuci\u00f3n, elaboraci\u00f3n, archivo, conservaci\u00f3n, supresi\u00f3n, evaluaci\u00f3n, control o modificaci\u00f3n.<\/div>\r\n<div class=\"s11\"><span class=\"s9\">6.\u00a0<\/span><span class=\"s4\">Responsable de Protecci\u00f3n de Datos (DPO)<\/span>\u00a0- Persona designada por Naturafrig como canal de comunicaci\u00f3n entre el responsable del procesamiento, titulares y la ANPD.<\/div>\r\n<div class=\"s11\"><span class=\"s9\">7.\u00a0<\/span><span class=\"s4\">Autoridad Nacional de Protecci\u00f3n de Datos (ANPD)<\/span>\u00a0\u2013 Organismo responsable de velar, implementar y supervisar el cumplimiento de la LGPD.<\/div>\r\n<div class=\"s12\"><span class=\"s9\">8.\u00a0<\/span><span class=\"s4\">Seguridad de la informaci\u00f3n<\/span>\u00a0- Medidas t\u00e9cnicas, administrativas y f\u00edsicas para proteger los datos contra el acceso no autorizado, p\u00e9rdida, destrucci\u00f3n o alteraci\u00f3n.<\/div>\r\n<h4 class=\"s8 fw-bold my-3 font-weight-bold\"><a name=\"_ev7n6qbf7jz8\"><\/a><span class=\"s7\">4. Datos recogidos<\/span><\/h4>\r\n<p class=\"s5\">Naturafrig s\u00f3lo recoge los datos necesarios para llevar a cabo sus actividades y cumplir con las obligaciones legales o reglamentarias. Ejemplos:<\/p>\r\n<div class=\"s10\"><span class=\"s9\">1.\u00a0<\/span><span class=\"s4\">Empleados<\/span>: Nombre y apellidos, documento de identidad, n\u00famero de identificaci\u00f3n fiscal, tarjeta de elector, certificado de reservista (si procede), datos de dependientes, certificado de estudios, comprobante de domicilio, direcci\u00f3n de correo electr\u00f3nico, permiso de conducir, antecedentes penales, ex\u00e1menes de ingreso y peri\u00f3dicos, datos bancarios, datos biom\u00e9tricos, informaci\u00f3n sobre salud laboral e im\u00e1genes de videovigilancia.<\/div>\r\n<div class=\"s11\"><span class=\"s9\">2.\u00a0<\/span><span class=\"s4\">Proveedores y prestadores de servicios<\/span>Nombre, n\u00famero de identificaci\u00f3n fiscal, documento de identidad, datos de contacto, datos bancarios, comprobantes fiscales y laborales, registros sanitarios.<\/div>\r\n<div class=\"s11\"><span class=\"s9\">3.\u00a0<\/span><span class=\"s4\">Transportistas<\/span>: Nombre, n\u00famero de identificaci\u00f3n fiscal, permiso de conducir, matr\u00edcula del veh\u00edculo, datos de seguimiento, im\u00e1genes de videovigilancia de entrada y salida.<\/div>\r\n<div class=\"s11\"><span class=\"s9\">4.\u00a0<\/span><span class=\"s4\">Visitantes<\/span>: Nombre, n\u00famero de identificaci\u00f3n fiscal, documento de identidad, im\u00e1genes de c\u00e1maras de seguridad.<\/div>\r\n<div class=\"s12\"><span class=\"s9\">5.\u00a0<\/span><span class=\"s4\">Clientes y socios comerciales<\/span>: Nombre, n\u00famero de identificaci\u00f3n fiscal, datos de contacto, informaci\u00f3n fiscal y bancaria (si procede).<\/div>\r\n<h4 class=\"s8 fw-bold my-3 font-weight-bold\"><a name=\"_e4uj6opovukw\"><\/a><span class=\"s7\">5. Prop\u00f3sito del tratamiento<\/span><\/h4>\r\n<p class=\"s5\">Los datos personales se tratan con fines leg\u00edtimos y espec\u00edficos, como:<\/p>\r\n<div class=\"s10\"><span class=\"s9\">1.\u00a0<\/span>Cumplir las obligaciones legales y reglamentarias (incluidos los requisitos del MAPA y de las agencias sanitarias).<\/div>\r\n<div class=\"s11\"><span class=\"s9\">2.\u00a0<\/span>Ejecutar contratos y procesos internos de RR.HH., log\u00edstica, producci\u00f3n y ventas.<\/div>\r\n<div class=\"s11\"><span class=\"s9\">3.\u00a0<\/span>Garantizar la seguridad f\u00edsica y de la propiedad en las unidades (incluido el uso de videovigilancia y control de acceso).<\/div>\r\n<div class=\"s11\"><span class=\"s9\">4.\u00a0<\/span>Cumplir los requisitos de trazabilidad, certificaciones y auditor\u00edas<\/div>\r\n<div class=\"s11\"><span class=\"s9\">5.\u00a0<\/span>Procesar n\u00f3minas, prestaciones y obligaciones laborales.<\/div>\r\n<div class=\"s11\"><span class=\"s9\">6.\u00a0<\/span>Cumplir los programas de calidad y bienestar animal cuando se recojan datos vinculados a personas f\u00edsicas.<\/div>\r\n<div class=\"s12\"><span class=\"s9\">7.\u00a0<\/span>Atender las peticiones de los titulares y de la ANPD.<\/div>\r\n<h4 class=\"s8 fw-bold my-3 font-weight-bold\"><a name=\"_gzwpr13kte5z\"><\/a><span class=\"s7\">6. Bases jur\u00eddicas<\/span><\/h4>\r\n<p class=\"s5\">Naturafrig puede tratar datos personales sobre la base de:<\/p>\r\n<div class=\"s10\"><span class=\"s9\">1.\u00a0<\/span>Cumplimiento de una obligaci\u00f3n legal o reglamentaria.<\/div>\r\n<div class=\"s11\"><span class=\"s9\">2.\u00a0<\/span>Ejecuci\u00f3n de un contrato o procedimientos preliminares relacionados con un contrato.<\/div>\r\n<div class=\"s11\"><span class=\"s9\">3.\u00a0<\/span>Ejercicio regular de los derechos.<\/div>\r\n<div class=\"s11\"><span class=\"s9\">4.\u00a0<\/span>Consentimiento del titular (si procede).<\/div>\r\n<div class=\"s11\"><span class=\"s9\">5.\u00a0<\/span>El inter\u00e9s leg\u00edtimo de Naturafrig, respetando los derechos y libertades fundamentales.<\/div>\r\n<div class=\"s11\"><span class=\"s9\">6.\u00a0<\/span>Protecci\u00f3n de la vida y la seguridad f\u00edsica del titular o de terceros.<\/div>\r\n<div class=\"s12\"><span class=\"s9\">7.\u00a0<\/span>Prevenci\u00f3n del fraude y seguridad de los sistemas.<\/div>\r\n<h4 class=\"s8 fw-bold my-3 font-weight-bold\"><a name=\"_oj7wiabv3szy\"><\/a><span class=\"s7\">7. Intercambio de datos<\/span><\/h4>\r\n<p class=\"s5\">Los datos pueden compartirse con:<\/p>\r\n<div class=\"s10\"><span class=\"s9\">1.\u00a0<\/span>Organismos gubernamentales y de fiscalizaci\u00f3n (p. ej: MAPA, Hacienda Federal, Ministerio de Trabajo).<\/div>\r\n<div class=\"s11\"><span class=\"s9\">2.\u00a0<\/span>Instituciones financieras para el procesamiento de pagos.<\/div>\r\n<div class=\"s11\"><span class=\"s9\">3.\u00a0<\/span>Empresas de prestaciones (por ejemplo, alimentaci\u00f3n, transporte, seguro m\u00e9dico).<\/div>\r\n<div class=\"s11\"><span class=\"s9\">4.\u00a0<\/span>Socios log\u00edsticos y empresas de transporte, cuando sea necesario para la entrega o recogida de mercanc\u00edas.<\/div>\r\n<div class=\"s11\"><span class=\"s9\">5.\u00a0<\/span>Proveedores de servicios de apoyo inform\u00e1tico y de sistemas.<\/div>\r\n<div class=\"s12\"><span class=\"s9\">6.\u00a0<\/span>Empresas de auditor\u00eda y certificaci\u00f3n.<\/div>\r\n<p class=\"s5\">El uso compartido se limitar\u00e1 siempre a lo necesario para cumplir la finalidad declarada.<\/p>\r\n<h4 class=\"s8 fw-bold my-3 font-weight-bold\"><a name=\"_zdl6l7cwglt2\"><\/a><span class=\"s7\">8. Conservaci\u00f3n y supresi\u00f3n de datos<\/span><\/h4>\r\n<p class=\"s5\">Los datos personales se conservar\u00e1n durante el tiempo necesario para cumplir los fines del tratamiento o durante el periodo exigido por la ley o la normativa. Transcurrido dicho plazo, ser\u00e1n eliminados o anonimizados, salvo cuando su mantenimiento est\u00e9 permitido por una obligaci\u00f3n legal o reglamentaria.<\/p>\r\n<h4 class=\"s8 fw-bold my-3 font-weight-bold\"><a name=\"_kkpp84ev6dnq\"><\/a><span class=\"s7\">9. Derechos de los titulares<\/span><\/h4>\r\n<p class=\"s5\">En virtud del art\u00edculo 18 de la LGPD, los titulares tienen derecho a:<\/p>\r\n<div class=\"s10\"><span class=\"s9\">1.\u00a0<\/span>Confirmaci\u00f3n de la existencia de tratamiento.<\/div>\r\n<div class=\"s11\"><span class=\"s9\">2.\u00a0<\/span>Acceso a los datos.<\/div>\r\n<div class=\"s11\"><span class=\"s9\">3.\u00a0<\/span>Correcci\u00f3n de datos incompletos, inexactos u obsoletos.<\/div>\r\n<div class=\"s11\"><span class=\"s9\">4.\u00a0<\/span>Anonimizaci\u00f3n, bloqueo o supresi\u00f3n de datos innecesarios o excesivos.<\/div>\r\n<div class=\"s11\"><span class=\"s9\">5.\u00a0<\/span>Portabilidad de datos a otro proveedor.<\/div>\r\n<div class=\"s11\"><span class=\"s9\">6.\u00a0<\/span>Supresi\u00f3n de datos tratados con consentimiento, si procede.<\/div>\r\n<div class=\"s11\"><span class=\"s9\">7.\u00a0<\/span>Informaci\u00f3n sobre el intercambio de datos.<\/div>\r\n<div class=\"s11\"><span class=\"s9\">8.\u00a0<\/span>Informaci\u00f3n sobre la posibilidad de no proporcionar el consentimiento y sus consecuencias.<\/div>\r\n<div class=\"s12\"><span class=\"s9\">9.\u00a0<\/span>Revocaci\u00f3n del consentimiento.<\/div>\r\n<p class=\"s5\">Las solicitudes pueden realizarse a trav\u00e9s de los canales indicados en esta Pol\u00edtica.<\/p>\r\n<h4 class=\"s8 fw-bold my-3 font-weight-bold\"><a name=\"_ytunnlx7fecc\"><\/a><span class=\"s7\">10. Seguridad de la informaci\u00f3n<\/span><\/h4>\r\n<p class=\"s5\">Naturafrig adopta las medidas t\u00e9cnicas, administrativas y f\u00edsicas adecuadas para proteger los datos personales contra el acceso no autorizado, uso indebido, alteraci\u00f3n, divulgaci\u00f3n indebida o destrucci\u00f3n. Estas medidas incluyen:<\/p>\r\n<div class=\"s10\"><span class=\"s9\">1.\u00a0<\/span>Control de acceso f\u00edsico y l\u00f3gico.<\/div>\r\n<div class=\"s11\"><span class=\"s9\">2.\u00a0<\/span>Monitorizaci\u00f3n mediante c\u00e1maras de seguridad.<\/div>\r\n<div class=\"s11\"><span class=\"s9\">3.\u00a0<\/span>Capacitar a los empleados en buenas pr\u00e1cticas de seguridad.<\/div>\r\n<div class=\"s12\"><span class=\"s9\">4.\u00a0<\/span>Uso de software actualizado y sistemas encriptados.<\/div>\r\n<h4 class=\"s8 fw-bold my-3 font-weight-bold\"><a name=\"_q30n83gy6i22\"><\/a><span class=\"s7\">11. Responsable de la protecci\u00f3n de datos<\/span><\/h4>\r\n<p class=\"s5\">El responsable (DPO) se encarga de atender las solicitudes de los titulares y de la ANPD:<\/p>\r\n<p class=\"s5\"><span class=\"s4\">Roberto Aparecido Ferreira<\/span><span class=\"s4\"><br \/>\r\n<\/span>Correo electr\u00f3nico:\u00a0dpo@naturafrig.com.br<\/p>\r\n<h4 class=\"s8 fw-bold my-3 font-weight-bold\"><a name=\"_xk181gipsc1f\"><\/a><span class=\"s7\">12. Actualizaciones de la pol\u00edtica<\/span><\/h4>\r\n<p class=\"s5\">Esta Pol\u00edtica podr\u00e1 ser actualizada en cualquier momento debido a cambios en la legislaci\u00f3n o cambios en las operaciones de Naturafrig. La versi\u00f3n vigente estar\u00e1 siempre disponible en el sitio web oficial.<\/p>\r\n<h4 class=\"s8 fw-bold my-3 font-weight-bold\"><a name=\"_ex4pgf7auey0\"><\/a><span class=\"s7\">13. Disposiciones finales<\/span><\/h4>\r\n<div class=\"s10\"><span class=\"s9\">1.\u00a0<\/span>Las infracciones o sospechas de infracci\u00f3n de esta Pol\u00edtica deben comunicarse a la L\u00ednea \u00c9tica de Naturafrig.<\/div>\r\n<div class=\"s12\"><span class=\"s9\">2.\u00a0<\/span>El incumplimiento de esta Pol\u00edtica puede resultar en medidas disciplinarias, sanciones contractuales y otras medidas legales aplicables.<\/div>\r\n<div>\u00a0<\/div>\r\n<div><a href=\"https:\/\/www.naturafrig.com.br\/es\/solicitacao-de-dados-dos-titulares\/\">Solicitud de datos de los titulares<\/a><\/div>","protected":false},"excerpt":{"rendered":"<p>Pol\u00edtica de Privacidade Naturafrig A Naturafrig, em total transpar\u00eancia e respeito aos seus colaboradores, fornecedores, parceiros, transportadores, prestadores de servi\u00e7os e clientes, apresenta a presente\u00a0Pol\u00edtica de Privacidade\u00a0para informar sobre como realiza o tratamento dos dados pessoais coletados no exerc\u00edcio de suas atividades, em conformidade com a\u00a0Lei Geral de Prote\u00e7\u00e3o de Dados Pessoais (Lei n\u00ba 13.709\/2018 [&hellip;]<\/p>\n","protected":false},"author":1,"featured_media":0,"parent":0,"menu_order":0,"comment_status":"closed","ping_status":"closed","template":"page-politica-privacidade.php","meta":{"_acf_changed":false,"inline_featured_image":false,"footnotes":""},"class_list":["post-3","page","type-page","status-publish","hentry"],"acf":[],"yoast_head":"<!-- This site is optimized with the Yoast SEO plugin v27.5 - https:\/\/yoast.com\/product\/yoast-seo-wordpress\/ -->\n<title>Pol\u00edtica de privacidade - Naturafrig Alimentos<\/title>\n<meta name=\"robots\" content=\"index, follow, max-snippet:-1, max-image-preview:large, max-video-preview:-1\" \/>\n<link rel=\"canonical\" href=\"https:\/\/www.naturafrig.com.br\/es\/politica-de-privacidade\/\" \/>\n<meta property=\"og:locale\" content=\"es_ES\" \/>\n<meta property=\"og:type\" content=\"article\" \/>\n<meta property=\"og:title\" content=\"Pol\u00edtica de privacidade - Naturafrig Alimentos\" \/>\n<meta property=\"og:description\" content=\"Pol\u00edtica de Privacidade Naturafrig A Naturafrig, em total transpar\u00eancia e respeito aos seus colaboradores, fornecedores, parceiros, transportadores, prestadores de servi\u00e7os e clientes, apresenta a presente\u00a0Pol\u00edtica de Privacidade\u00a0para informar sobre como realiza o tratamento dos dados pessoais coletados no exerc\u00edcio de suas atividades, em conformidade com a\u00a0Lei Geral de Prote\u00e7\u00e3o de Dados Pessoais (Lei n\u00ba 13.709\/2018 [&hellip;]\" \/>\n<meta property=\"og:url\" content=\"https:\/\/www.naturafrig.com.br\/es\/politica-de-privacidade\/\" \/>\n<meta property=\"og:site_name\" content=\"Naturafrig Alimentos\" \/>\n<meta property=\"article:publisher\" content=\"https:\/\/www.facebook.com\/naturafrig\/\" \/>\n<meta property=\"article:modified_time\" content=\"2025-11-18T20:23:35+00:00\" \/>\n<meta name=\"twitter:card\" content=\"summary_large_image\" \/>\n<meta name=\"twitter:label1\" content=\"Tiempo de lectura\" \/>\n\t<meta name=\"twitter:data1\" content=\"6 minutos\" \/>\n<script type=\"application\/ld+json\" class=\"yoast-schema-graph\">{\"@context\":\"https:\\\/\\\/schema.org\",\"@graph\":[{\"@type\":\"WebPage\",\"@id\":\"https:\\\/\\\/www.naturafrig.com.br\\\/politica-de-privacidade\\\/\",\"url\":\"https:\\\/\\\/www.naturafrig.com.br\\\/politica-de-privacidade\\\/\",\"name\":\"Pol\u00edtica de privacidade - Naturafrig Alimentos\",\"isPartOf\":{\"@id\":\"https:\\\/\\\/www.naturafrig.com.br\\\/#website\"},\"datePublished\":\"2024-08-16T14:02:05+00:00\",\"dateModified\":\"2025-11-18T20:23:35+00:00\",\"breadcrumb\":{\"@id\":\"https:\\\/\\\/www.naturafrig.com.br\\\/politica-de-privacidade\\\/#breadcrumb\"},\"inLanguage\":\"es\",\"potentialAction\":[{\"@type\":\"ReadAction\",\"target\":[\"https:\\\/\\\/www.naturafrig.com.br\\\/politica-de-privacidade\\\/\"]}]},{\"@type\":\"BreadcrumbList\",\"@id\":\"https:\\\/\\\/www.naturafrig.com.br\\\/politica-de-privacidade\\\/#breadcrumb\",\"itemListElement\":[{\"@type\":\"ListItem\",\"position\":1,\"name\":\"In\u00edcio\",\"item\":\"https:\\\/\\\/www.naturafrig.com.br\\\/\"},{\"@type\":\"ListItem\",\"position\":2,\"name\":\"Pol\u00edtica de privacidade\"}]},{\"@type\":\"WebSite\",\"@id\":\"https:\\\/\\\/www.naturafrig.com.br\\\/#website\",\"url\":\"https:\\\/\\\/www.naturafrig.com.br\\\/\",\"name\":\"Naturafrig Alimentos\",\"description\":\"Qualidade em cada corte!\",\"publisher\":{\"@id\":\"https:\\\/\\\/www.naturafrig.com.br\\\/#organization\"},\"potentialAction\":[{\"@type\":\"SearchAction\",\"target\":{\"@type\":\"EntryPoint\",\"urlTemplate\":\"https:\\\/\\\/www.naturafrig.com.br\\\/?s={search_term_string}\"},\"query-input\":{\"@type\":\"PropertyValueSpecification\",\"valueRequired\":true,\"valueName\":\"search_term_string\"}}],\"inLanguage\":\"es\"},{\"@type\":\"Organization\",\"@id\":\"https:\\\/\\\/www.naturafrig.com.br\\\/#organization\",\"name\":\"Naturafrig Alimentos\",\"url\":\"https:\\\/\\\/www.naturafrig.com.br\\\/\",\"logo\":{\"@type\":\"ImageObject\",\"inLanguage\":\"es\",\"@id\":\"https:\\\/\\\/www.naturafrig.com.br\\\/#\\\/schema\\\/logo\\\/image\\\/\",\"url\":\"https:\\\/\\\/www.naturafrig.com.br\\\/wp-content\\\/uploads\\\/2025\\\/11\\\/logo_naturafrig.png\",\"contentUrl\":\"https:\\\/\\\/www.naturafrig.com.br\\\/wp-content\\\/uploads\\\/2025\\\/11\\\/logo_naturafrig.png\",\"width\":450,\"height\":220,\"caption\":\"Naturafrig Alimentos\"},\"image\":{\"@id\":\"https:\\\/\\\/www.naturafrig.com.br\\\/#\\\/schema\\\/logo\\\/image\\\/\"},\"sameAs\":[\"https:\\\/\\\/www.facebook.com\\\/naturafrig\\\/\"]}]}<\/script>\n<!-- \/ Yoast SEO plugin. -->","yoast_head_json":{"title":"Pol\u00edtica de privacidade - Naturafrig Alimentos","robots":{"index":"index","follow":"follow","max-snippet":"max-snippet:-1","max-image-preview":"max-image-preview:large","max-video-preview":"max-video-preview:-1"},"canonical":"https:\/\/www.naturafrig.com.br\/es\/politica-de-privacidade\/","og_locale":"es_ES","og_type":"article","og_title":"Pol\u00edtica de privacidade - Naturafrig Alimentos","og_description":"Pol\u00edtica de Privacidade Naturafrig A Naturafrig, em total transpar\u00eancia e respeito aos seus colaboradores, fornecedores, parceiros, transportadores, prestadores de servi\u00e7os e clientes, apresenta a presente\u00a0Pol\u00edtica de Privacidade\u00a0para informar sobre como realiza o tratamento dos dados pessoais coletados no exerc\u00edcio de suas atividades, em conformidade com a\u00a0Lei Geral de Prote\u00e7\u00e3o de Dados Pessoais (Lei n\u00ba 13.709\/2018 [&hellip;]","og_url":"https:\/\/www.naturafrig.com.br\/es\/politica-de-privacidade\/","og_site_name":"Naturafrig Alimentos","article_publisher":"https:\/\/www.facebook.com\/naturafrig\/","article_modified_time":"2025-11-18T20:23:35+00:00","twitter_card":"summary_large_image","twitter_misc":{"Tiempo de lectura":"6 minutos"},"schema":{"@context":"https:\/\/schema.org","@graph":[{"@type":"WebPage","@id":"https:\/\/www.naturafrig.com.br\/politica-de-privacidade\/","url":"https:\/\/www.naturafrig.com.br\/politica-de-privacidade\/","name":"Pol\u00edtica de privacidade - Naturafrig Alimentos","isPartOf":{"@id":"https:\/\/www.naturafrig.com.br\/#website"},"datePublished":"2024-08-16T14:02:05+00:00","dateModified":"2025-11-18T20:23:35+00:00","breadcrumb":{"@id":"https:\/\/www.naturafrig.com.br\/politica-de-privacidade\/#breadcrumb"},"inLanguage":"es","potentialAction":[{"@type":"ReadAction","target":["https:\/\/www.naturafrig.com.br\/politica-de-privacidade\/"]}]},{"@type":"BreadcrumbList","@id":"https:\/\/www.naturafrig.com.br\/politica-de-privacidade\/#breadcrumb","itemListElement":[{"@type":"ListItem","position":1,"name":"In\u00edcio","item":"https:\/\/www.naturafrig.com.br\/"},{"@type":"ListItem","position":2,"name":"Pol\u00edtica de privacidade"}]},{"@type":"WebSite","@id":"https:\/\/www.naturafrig.com.br\/#website","url":"https:\/\/www.naturafrig.com.br\/","name":"Naturafrig Alimentos","description":"Qualidade em cada corte!","publisher":{"@id":"https:\/\/www.naturafrig.com.br\/#organization"},"potentialAction":[{"@type":"SearchAction","target":{"@type":"EntryPoint","urlTemplate":"https:\/\/www.naturafrig.com.br\/?s={search_term_string}"},"query-input":{"@type":"PropertyValueSpecification","valueRequired":true,"valueName":"search_term_string"}}],"inLanguage":"es"},{"@type":"Organization","@id":"https:\/\/www.naturafrig.com.br\/#organization","name":"Naturafrig Alimentos","url":"https:\/\/www.naturafrig.com.br\/","logo":{"@type":"ImageObject","inLanguage":"es","@id":"https:\/\/www.naturafrig.com.br\/#\/schema\/logo\/image\/","url":"https:\/\/www.naturafrig.com.br\/wp-content\/uploads\/2025\/11\/logo_naturafrig.png","contentUrl":"https:\/\/www.naturafrig.com.br\/wp-content\/uploads\/2025\/11\/logo_naturafrig.png","width":450,"height":220,"caption":"Naturafrig Alimentos"},"image":{"@id":"https:\/\/www.naturafrig.com.br\/#\/schema\/logo\/image\/"},"sameAs":["https:\/\/www.facebook.com\/naturafrig\/"]}]}},"_links":{"self":[{"href":"https:\/\/www.naturafrig.com.br\/es\/wp-json\/wp\/v2\/pages\/3","targetHints":{"allow":["GET"]}}],"collection":[{"href":"https:\/\/www.naturafrig.com.br\/es\/wp-json\/wp\/v2\/pages"}],"about":[{"href":"https:\/\/www.naturafrig.com.br\/es\/wp-json\/wp\/v2\/types\/page"}],"author":[{"embeddable":true,"href":"https:\/\/www.naturafrig.com.br\/es\/wp-json\/wp\/v2\/users\/1"}],"replies":[{"embeddable":true,"href":"https:\/\/www.naturafrig.com.br\/es\/wp-json\/wp\/v2\/comments?post=3"}],"version-history":[{"count":4,"href":"https:\/\/www.naturafrig.com.br\/es\/wp-json\/wp\/v2\/pages\/3\/revisions"}],"predecessor-version":[{"id":12581,"href":"https:\/\/www.naturafrig.com.br\/es\/wp-json\/wp\/v2\/pages\/3\/revisions\/12581"}],"wp:attachment":[{"href":"https:\/\/www.naturafrig.com.br\/es\/wp-json\/wp\/v2\/media?parent=3"}],"curies":[{"name":"wp","href":"https:\/\/api.w.org\/{rel}","templated":true}]}}